{"id":1256,"date":"2018-10-15T08:24:36","date_gmt":"2018-10-15T06:24:36","guid":{"rendered":"http:\/\/www.poliklinika-amber.si\/domov\/"},"modified":"2019-04-11T14:35:26","modified_gmt":"2019-04-11T12:35:26","slug":"domov","status":"publish","type":"page","link":"https:\/\/www.poliklinika-amber.si\/de\/","title":{"rendered":"Startseite"},"content":{"rendered":"<div class=\"vc_row wpb_row vc_row-fluid vc_custom_1540547157271\">\n\t\t\t\t<div class=\"bt-vc-row-ovelay\" style=\"\"><\/div>\n\t\t\t\t<div class=\"container\">\n\t\t\t\t\t<div class=\"row\"><div class=\"wpb_column vc_column_container vc_col-sm-12\"><div class=\"vc_column-inner\"><div class=\"wpb_wrapper\"><div class=\"vc_row wpb_row vc_inner vc_row-fluid\"><div class=\"wpb_column vc_column_container vc_col-sm-4\"><div class=\"vc_column-inner\"><div class=\"wpb_wrapper\">\n\t<div  class=\"wpb_single_image wpb_content_element vc_align_center\">\n\t\t\n\t\t<figure class=\"wpb_wrapper vc_figure\">\n\t\t\t<a href=\"https:\/\/www.poliklinika-amber.si\/de\/dentalncentrum\/\" target=\"_self\" class=\"vc_single_image-wrapper   vc_box_border_grey\"><img fetchpriority=\"high\" decoding=\"async\" width=\"260\" height=\"360\" src=\"https:\/\/www.poliklinika-amber.si\/wp-content\/uploads\/Dentalcentrum-f.jpg\" class=\"vc_single_image-img attachment-full\" alt=\"\" srcset=\"https:\/\/www.poliklinika-amber.si\/wp-content\/uploads\/Dentalcentrum-f.jpg 260w, https:\/\/www.poliklinika-amber.si\/wp-content\/uploads\/Dentalcentrum-f-217x300.jpg 217w\" sizes=\"(max-width: 260px) 100vw, 260px\" \/><\/a>\n\t\t<\/figure>\n\t<\/div>\n<div class=\"vc_separator wpb_content_element vc_separator_align_center vc_sep_width_100 vc_sep_dotted vc_sep_pos_align_center vc_separator_no_text vc_sep_color_turquoise vc_custom_1540549243365  vc_custom_1540549243365\" ><span class=\"vc_sep_holder vc_sep_holder_l\"><span  class=\"vc_sep_line\"><\/span><\/span><span class=\"vc_sep_holder vc_sep_holder_r\"><span  class=\"vc_sep_line\"><\/span><\/span>\n<\/div><div  class=\"vc_toggle vc_toggle_simple vc_toggle_color_turquoise  vc_toggle_size_md   hide vc_custom_1554989640275\"><div class=\"vc_toggle_title\"><h3 style=\"font-size: 16px;text-align: left\" class=\"vc_custom_heading\" >Naro\u010danje - Dentalni center<\/h3><i class=\"vc_toggle_icon\"><\/i><\/div><div class=\"vc_toggle_content\"><p><i class=\"fa fa-phone-square\"><\/i> +386 (0) 41 702 399<br \/>\n<i class=\"fa fa-envelope\"><\/i> <a href=\"mailto:polyclinic.amber@gmail.com\">polyclinic.amber@gmail.com<\/a><br \/>\n<i class=\"fa fa-globe\"><\/i> <a class=\"popmake-dentalni-center\">OBRAZEC &#8211; online naro\u010danje<\/a><\/p>\n<\/div><\/div><\/div><\/div><\/div><div class=\"wpb_column vc_column_container vc_col-sm-4\"><div class=\"vc_column-inner\"><div class=\"wpb_wrapper\">\n\t<div  class=\"wpb_single_image wpb_content_element vc_align_center\">\n\t\t\n\t\t<figure class=\"wpb_wrapper vc_figure\">\n\t\t\t<div class=\"vc_single_image-wrapper   vc_box_border_grey\"><img decoding=\"async\" width=\"260\" height=\"360\" src=\"https:\/\/www.poliklinika-amber.si\/wp-content\/uploads\/Gyn\u00e4kologie.jpg\" class=\"vc_single_image-img attachment-full\" alt=\"\" srcset=\"https:\/\/www.poliklinika-amber.si\/wp-content\/uploads\/Gyn\u00e4kologie.jpg 260w, https:\/\/www.poliklinika-amber.si\/wp-content\/uploads\/Gyn\u00e4kologie-217x300.jpg 217w\" sizes=\"(max-width: 260px) 100vw, 260px\" \/><\/div>\n\t\t<\/figure>\n\t<\/div>\n<div class=\"vc_separator wpb_content_element vc_separator_align_center vc_sep_width_100 vc_sep_dotted vc_sep_pos_align_center vc_separator_no_text vc_sep_color_turquoise vc_custom_1540549243365  vc_custom_1540549243365\" ><span class=\"vc_sep_holder vc_sep_holder_l\"><span  class=\"vc_sep_line\"><\/span><\/span><span class=\"vc_sep_holder vc_sep_holder_r\"><span  class=\"vc_sep_line\"><\/span><\/span>\n<\/div><div  class=\"vc_toggle vc_toggle_simple vc_toggle_color_turquoise  vc_toggle_size_md   hide vc_custom_1554989692572\"><div class=\"vc_toggle_title\"><h3 style=\"font-size: 16px;text-align: left\" class=\"vc_custom_heading\" >Naro\u010danje - Koncesijska ambulanta<\/h3><i class=\"vc_toggle_icon\"><\/i><\/div><div class=\"vc_toggle_content\"><p><i class=\"fa fa-phone-square\"><\/i> 02 420 77 55<br \/>\n<i class=\"fa fa-envelope\"><\/i> <a href=\"mailto:amber.ordinacija2@gmail.com\">amber.ordinacija2@gmail.com<\/a><br \/>\n<i class=\"fa fa-globe\"><\/i> <a class=\"popmake-658\">OBRAZEC &#8211; online naro\u010danje<\/a><\/p>\n<\/div><\/div><div  class=\"vc_toggle vc_toggle_simple vc_toggle_color_turquoise  vc_toggle_size_md   hide vc_custom_1554989700097\"><div class=\"vc_toggle_title\"><h3 style=\"font-size: 16px;text-align: left\" class=\"vc_custom_heading\" >Naro\u010danje - Samopla\u010dni\u0161ka ambulanta<\/h3><i class=\"vc_toggle_icon\"><\/i><\/div><div class=\"vc_toggle_content\"><p><i class=\"fa fa-phone-square\"><\/i> 068 14 11 24<br \/>\n<i class=\"fa fa-envelope\"><\/i> <a href=\"mailto:amber.ordinacija1@gmail.com\">amber.ordinacija1@gmail.com<\/a><br \/>\n<i class=\"fa fa-globe\"><\/i> <a class=\"popmake-660\">OBRAZEC &#8211; online naro\u010danje<\/a><\/p>\n<\/div><\/div><\/div><\/div><\/div><div class=\"wpb_column vc_column_container vc_col-sm-4\"><div class=\"vc_column-inner\"><div class=\"wpb_wrapper\">\n\t<div  class=\"wpb_single_image wpb_content_element vc_align_center\">\n\t\t\n\t\t<figure class=\"wpb_wrapper vc_figure\">\n\t\t\t<div class=\"vc_single_image-wrapper   vc_box_border_grey\"><img decoding=\"async\" width=\"260\" height=\"360\" src=\"https:\/\/www.poliklinika-amber.si\/wp-content\/uploads\/Mehr.jpg\" class=\"vc_single_image-img attachment-full\" alt=\"\" srcset=\"https:\/\/www.poliklinika-amber.si\/wp-content\/uploads\/Mehr.jpg 260w, https:\/\/www.poliklinika-amber.si\/wp-content\/uploads\/Mehr-217x300.jpg 217w\" sizes=\"(max-width: 260px) 100vw, 260px\" \/><\/div>\n\t\t<\/figure>\n\t<\/div>\n<div class=\"vc_separator wpb_content_element vc_separator_align_center vc_sep_width_100 vc_sep_dotted vc_sep_pos_align_center vc_separator_no_text vc_sep_color_turquoise vc_custom_1540549243365  vc_custom_1540549243365\" ><span class=\"vc_sep_holder vc_sep_holder_l\"><span  class=\"vc_sep_line\"><\/span><\/span><span class=\"vc_sep_holder vc_sep_holder_r\"><span  class=\"vc_sep_line\"><\/span><\/span>\n<\/div><div  class=\"vc_toggle vc_toggle_simple vc_toggle_color_turquoise  vc_toggle_size_md   hide vc_custom_1554989708210\"><div class=\"vc_toggle_title\"><h3 style=\"font-size: 16px;text-align: left\" class=\"vc_custom_heading\" >\u0160e ve\u010d<\/h3><i class=\"vc_toggle_icon\"><\/i><\/div><div class=\"vc_toggle_content\"><p><i class=\"fa fa-phone-square\"><\/i> 02 xxx xx xxx<br \/>\n<i class=\"fa fa-envelope\"><\/i> <a href=\"mailto:polyclinic.amber@gmail.com\">polyclinic.amber@gmail.com<\/a><br \/>\n<i class=\"fa fa-globe\"><\/i> online naro\u010danje<\/p>\n<\/div><\/div><\/div><\/div><\/div><\/div><\/div><\/div><\/div><\/div>\n\t\t\t\t<\/div>\n\t\t\t<\/div>\n","protected":false},"excerpt":{"rendered":"Naro\u010danje - Dentalni center +386 (0) 41 702 399 polyclinic.amber@gmail.com OBRAZEC &#8211; online naro\u010danje Naro\u010danje - Koncesijska ambulanta 02 420 77 55 amber.ordinacija2@gmail.com OBRAZEC &#8211; online naro\u010danje Naro\u010danje - Samopla\u010dni\u0161ka ambulanta 068 14 11 24 amber.ordinacija1@gmail.com OBRAZEC &#8211; online naro\u010danje \u0160e ve\u010d 02 xxx xx xxx polyclinic.amber@gmail.com online naro\u010danje","protected":false},"author":1,"featured_media":0,"parent":0,"menu_order":0,"comment_status":"closed","ping_status":"closed","template":"page-NoTitleBar.php","meta":{"footnotes":""},"yoast_head":"<!-- This site is optimized with the Yoast SEO plugin v23.0 - https:\/\/yoast.com\/wordpress\/plugins\/seo\/ -->\n<title>Startseite &#8902; Poliklinika Amber<\/title>\n<meta name=\"robots\" content=\"index, follow, max-snippet:-1, max-image-preview:large, max-video-preview:-1\" \/>\n<link rel=\"canonical\" href=\"https:\/\/www.poliklinika-amber.si\/de\/\" \/>\n<meta property=\"og:locale\" content=\"de_DE\" \/>\n<meta property=\"og:type\" content=\"article\" \/>\n<meta property=\"og:title\" content=\"Startseite &#8902; Poliklinika Amber\" \/>\n<meta property=\"og:url\" content=\"https:\/\/www.poliklinika-amber.si\/de\/\" \/>\n<meta property=\"og:site_name\" content=\"Poliklinika Amber\" \/>\n<meta property=\"article:modified_time\" content=\"2019-04-11T12:35:26+00:00\" \/>\n<meta name=\"twitter:card\" content=\"summary_large_image\" \/>\n<meta name=\"twitter:label1\" content=\"Gesch\u00e4tzte Lesezeit\" \/>\n\t<meta name=\"twitter:data1\" content=\"2\u00a0Minuten\" \/>\n<script type=\"application\/ld+json\" class=\"yoast-schema-graph\">{\"@context\":\"https:\/\/schema.org\",\"@graph\":[{\"@type\":\"WebPage\",\"@id\":\"https:\/\/www.poliklinika-amber.si\/de\/\",\"url\":\"https:\/\/www.poliklinika-amber.si\/de\/\",\"name\":\"Startseite &#8902; Poliklinika Amber\",\"isPartOf\":{\"@id\":\"https:\/\/www.poliklinika-amber.si\/#website\"},\"datePublished\":\"2018-10-15T06:24:36+00:00\",\"dateModified\":\"2019-04-11T12:35:26+00:00\",\"breadcrumb\":{\"@id\":\"https:\/\/www.poliklinika-amber.si\/de\/#breadcrumb\"},\"inLanguage\":\"de\",\"potentialAction\":[{\"@type\":\"ReadAction\",\"target\":[\"https:\/\/www.poliklinika-amber.si\/de\/\"]}]},{\"@type\":\"BreadcrumbList\",\"@id\":\"https:\/\/www.poliklinika-amber.si\/de\/#breadcrumb\",\"itemListElement\":[{\"@type\":\"ListItem\",\"position\":1,\"name\":\"Home\",\"item\":\"https:\/\/www.poliklinika-amber.si\/de\/\"},{\"@type\":\"ListItem\",\"position\":2,\"name\":\"Startseite\"}]},{\"@type\":\"WebSite\",\"@id\":\"https:\/\/www.poliklinika-amber.si\/#website\",\"url\":\"https:\/\/www.poliklinika-amber.si\/\",\"name\":\"Poliklinika Amber - Dentalni center Maribor | Ginekologija Maribor\",\"description\":\"Dentalni center Maribor | Ginekologija Maribor\",\"publisher\":{\"@id\":\"https:\/\/www.poliklinika-amber.si\/#organization\"},\"potentialAction\":[{\"@type\":\"SearchAction\",\"target\":{\"@type\":\"EntryPoint\",\"urlTemplate\":\"https:\/\/www.poliklinika-amber.si\/?s={search_term_string}\"},\"query-input\":\"required name=search_term_string\"}],\"inLanguage\":\"de\"},{\"@type\":\"Organization\",\"@id\":\"https:\/\/www.poliklinika-amber.si\/#organization\",\"name\":\"Poliklinika Amber\",\"url\":\"https:\/\/www.poliklinika-amber.si\/\",\"logo\":{\"@type\":\"ImageObject\",\"inLanguage\":\"de\",\"@id\":\"https:\/\/www.poliklinika-amber.si\/#\/schema\/logo\/image\/\",\"url\":\"https:\/\/www.poliklinika-amber.si\/wp-content\/uploads\/poliklinika-amber-logo-2018-1.jpg\",\"contentUrl\":\"https:\/\/www.poliklinika-amber.si\/wp-content\/uploads\/poliklinika-amber-logo-2018-1.jpg\",\"width\":180,\"height\":110,\"caption\":\"Poliklinika Amber\"},\"image\":{\"@id\":\"https:\/\/www.poliklinika-amber.si\/#\/schema\/logo\/image\/\"}}]}<\/script>\n<!-- \/ Yoast SEO plugin. -->","yoast_head_json":{"title":"Startseite &#8902; Poliklinika Amber","robots":{"index":"index","follow":"follow","max-snippet":"max-snippet:-1","max-image-preview":"max-image-preview:large","max-video-preview":"max-video-preview:-1"},"canonical":"https:\/\/www.poliklinika-amber.si\/de\/","og_locale":"de_DE","og_type":"article","og_title":"Startseite &#8902; Poliklinika Amber","og_url":"https:\/\/www.poliklinika-amber.si\/de\/","og_site_name":"Poliklinika Amber","article_modified_time":"2019-04-11T12:35:26+00:00","twitter_card":"summary_large_image","twitter_misc":{"Gesch\u00e4tzte Lesezeit":"2\u00a0Minuten"},"schema":{"@context":"https:\/\/schema.org","@graph":[{"@type":"WebPage","@id":"https:\/\/www.poliklinika-amber.si\/de\/","url":"https:\/\/www.poliklinika-amber.si\/de\/","name":"Startseite &#8902; Poliklinika Amber","isPartOf":{"@id":"https:\/\/www.poliklinika-amber.si\/#website"},"datePublished":"2018-10-15T06:24:36+00:00","dateModified":"2019-04-11T12:35:26+00:00","breadcrumb":{"@id":"https:\/\/www.poliklinika-amber.si\/de\/#breadcrumb"},"inLanguage":"de","potentialAction":[{"@type":"ReadAction","target":["https:\/\/www.poliklinika-amber.si\/de\/"]}]},{"@type":"BreadcrumbList","@id":"https:\/\/www.poliklinika-amber.si\/de\/#breadcrumb","itemListElement":[{"@type":"ListItem","position":1,"name":"Home","item":"https:\/\/www.poliklinika-amber.si\/de\/"},{"@type":"ListItem","position":2,"name":"Startseite"}]},{"@type":"WebSite","@id":"https:\/\/www.poliklinika-amber.si\/#website","url":"https:\/\/www.poliklinika-amber.si\/","name":"Poliklinika Amber - Dentalni center Maribor | Ginekologija Maribor","description":"Dentalni center Maribor | Ginekologija Maribor","publisher":{"@id":"https:\/\/www.poliklinika-amber.si\/#organization"},"potentialAction":[{"@type":"SearchAction","target":{"@type":"EntryPoint","urlTemplate":"https:\/\/www.poliklinika-amber.si\/?s={search_term_string}"},"query-input":"required name=search_term_string"}],"inLanguage":"de"},{"@type":"Organization","@id":"https:\/\/www.poliklinika-amber.si\/#organization","name":"Poliklinika Amber","url":"https:\/\/www.poliklinika-amber.si\/","logo":{"@type":"ImageObject","inLanguage":"de","@id":"https:\/\/www.poliklinika-amber.si\/#\/schema\/logo\/image\/","url":"https:\/\/www.poliklinika-amber.si\/wp-content\/uploads\/poliklinika-amber-logo-2018-1.jpg","contentUrl":"https:\/\/www.poliklinika-amber.si\/wp-content\/uploads\/poliklinika-amber-logo-2018-1.jpg","width":180,"height":110,"caption":"Poliklinika Amber"},"image":{"@id":"https:\/\/www.poliklinika-amber.si\/#\/schema\/logo\/image\/"}}]}},"_links":{"self":[{"href":"https:\/\/www.poliklinika-amber.si\/de\/wp-json\/wp\/v2\/pages\/1256"}],"collection":[{"href":"https:\/\/www.poliklinika-amber.si\/de\/wp-json\/wp\/v2\/pages"}],"about":[{"href":"https:\/\/www.poliklinika-amber.si\/de\/wp-json\/wp\/v2\/types\/page"}],"author":[{"embeddable":true,"href":"https:\/\/www.poliklinika-amber.si\/de\/wp-json\/wp\/v2\/users\/1"}],"replies":[{"embeddable":true,"href":"https:\/\/www.poliklinika-amber.si\/de\/wp-json\/wp\/v2\/comments?post=1256"}],"version-history":[{"count":4,"href":"https:\/\/www.poliklinika-amber.si\/de\/wp-json\/wp\/v2\/pages\/1256\/revisions"}],"predecessor-version":[{"id":1288,"href":"https:\/\/www.poliklinika-amber.si\/de\/wp-json\/wp\/v2\/pages\/1256\/revisions\/1288"}],"wp:attachment":[{"href":"https:\/\/www.poliklinika-amber.si\/de\/wp-json\/wp\/v2\/media?parent=1256"}],"curies":[{"name":"wp","href":"https:\/\/api.w.org\/{rel}","templated":true}]}}